{"id":29396,"date":"2023-11-03T12:09:57","date_gmt":"2023-11-03T10:09:57","guid":{"rendered":"https:\/\/themarkaz.org\/oldsite\/?page_id=29396"},"modified":"2023-11-09T15:30:14","modified_gmt":"2023-11-09T13:30:14","slug":"festival-arabesques-fr","status":"publish","type":"page","link":"https:\/\/themarkaz.org\/oldsite\/podcasts-1\/festival-arabesques-fr\/","title":{"rendered":"Podcast Festival Arabesques &#8211; FR"},"content":{"rendered":"<p class=\"\" style=\"white-space: pre-wrap;\"><img decoding=\"async\" class=\"alignnone wp-image-29363 size-full\" src=\"https:\/\/themarkaz.org\/oldsite\/wp-content\/uploads\/2023\/11\/Radio-Tabbouli-website-banner.png\" alt=\"\" width=\"1920\" height=\"403\" srcset=\"https:\/\/themarkaz.org\/oldsite\/wp-content\/uploads\/2023\/11\/Radio-Tabbouli-website-banner.png 1920w, https:\/\/themarkaz.org\/oldsite\/wp-content\/uploads\/2023\/11\/Radio-Tabbouli-website-banner-300x63.png 300w, https:\/\/themarkaz.org\/oldsite\/wp-content\/uploads\/2023\/11\/Radio-Tabbouli-website-banner-1024x215.png 1024w, https:\/\/themarkaz.org\/oldsite\/wp-content\/uploads\/2023\/11\/Radio-Tabbouli-website-banner-768x161.png 768w, https:\/\/themarkaz.org\/oldsite\/wp-content\/uploads\/2023\/11\/Radio-Tabbouli-website-banner-1536x322.png 1536w, https:\/\/themarkaz.org\/oldsite\/wp-content\/uploads\/2023\/11\/Radio-Tabbouli-website-banner-1568x329.png 1568w, https:\/\/themarkaz.org\/oldsite\/wp-content\/uploads\/2023\/11\/Radio-Tabbouli-website-banner-1320x277.png 1320w, https:\/\/themarkaz.org\/oldsite\/wp-content\/uploads\/2023\/11\/Radio-Tabbouli-website-banner-600x126.png 600w\" sizes=\"(max-width: 1920px) 100vw, 1920px\" \/><\/p>\n<p><em>English below<\/em><\/p>\n<p>Radio Tabbouli c\u2019est le podcast de The Markaz Review pour d\u00e9couvrir l\u2019actualit\u00e9 culturelle et rencontrer des artistes, des \u00e9crivains, des cin\u00e9astes, des acteurs, des universitaires, des musiciens et d&#8217;autres personnalit\u00e9s du Moyen-Orient, de l&#8217;Afrique du Nord et de ses diasporas.<\/p>\n<p>Ecoutez le podcast sur <a href=\"https:\/\/open.spotify.com\/episode\/70EnYUSYnRwwgO1suMNknj?si=Iq5fMDwgRviDa2DOp2PcSQ\" target=\"_blank\" rel=\"noopener\">Spotify <\/a>\u00a0ou <a href=\"https:\/\/podcasts.apple.com\/us\/podcast\/the-markaz-podcast\/id1714809973\">Apple Podcast<\/a>.<\/p>\n<p><iframe loading=\"lazy\" src=\"https:\/\/embed.acast.com\/652fa86914bb5f001294bf93\/652faca38333180013d22371\" width=\"100%\" height=\"190px\" frameborder=\"0\"><\/iframe><\/p>\n<div class=\"section-background\">\n<p class=\"p1\">Pour ce premier podcast Radio Taboulli, TMR vous emm\u00e8ne dans les coulisses du Festival Arabesques \u00e0 la Halle Tropisme de Montpellier pour deux soir\u00e9es de la sc\u00e8ne actuelle et alternative. Nous y rencontrerons Imed, Khalil, Petra et Hany : 4 parcours d\u2019artistes \u00e9clectiques. Leurs points communs ? C\u2019est puiser dans la musique arabe traditionnelle leur inspiration qu&#8217;ils revisitent avec des sons \u00e9lectroniques.<\/p>\n<p><span style=\"font-size: 18px;\">Au menu l\u2019interview d\u2019Imed Alibi suivi de Khalil Epi les musiciens et cofondateurs du groupe <a href=\"https:\/\/open.spotify.com\/intl-fr\/album\/2aDbvvL0hWuQXOrz90mgpn\" target=\"_blank\" rel=\"noopener\">Frigya<\/a> produit par le label <a href=\"http:\/\/www.shouka.xyz\" target=\"_blank\" rel=\"noopener\">Shouka<\/a> qui c\u00e9l\u00e8bre ses 10 ans. <span style=\"color: var(--global--color-primary);\">Ensuite la rencontre avec le duo enchanteur <a href=\"https:\/\/rustduo.com\/\" target=\"_blank\" rel=\"noopener\">Rust<\/a> venu tout droit de Beyrouth (interview en anglais).<\/span><\/span><\/p>\n<\/div>\n<div><\/div>\n<div class=\"content-wrapper\">\n<div class=\"content\">\n<div id=\"page-section-5f743c14b4a0cb25e9d8bfec\" class=\"sqs-layout sqs-grid-12 columns-12\" data-type=\"page-section\">\n<div class=\"row sqs-row\">\n<div class=\"col sqs-col-12 span-12\">\n<div id=\"block-yui_3_17_2_1_1601453168012_7061\" class=\"sqs-block audio-block sqs-block-audio\" data-block-type=\"41\">\n<div class=\"sqs-block-content\">\n<div data-url=\"https:\/\/static1.squarespace.com\/static\/5f3ed0456d80dc10ffbbdc55\/t\/5f743d510f6f7324ac3aa8ce\/1601453470369\/radiotabbouli_natacha_atlas_2010-10-27T19_21_44-07_00.mp3\/original\/radiotabbouli_natacha_atlas_2010-10-27T19_21_44-07_00.mp3\" data-mime-type=\"\" data-title=\"Interview with vocalist Natacha Atlas\" data-author=\"Natacha Atlas\" data-show-download=\"false\" data-design-style=\"minimal\" data-duration-in-ms=\"1377000\" data-color-theme=\"dark\">\n<div class=\"xgmjVLxjqfcXK5BV_XyN\">\n<p><iframe loading=\"lazy\" title=\"The Markaz Podcast - Radio Tabbouli Ep 1  Festival Arabesques\" width=\"750\" height=\"422\" src=\"https:\/\/www.youtube.com\/embed\/UX_wwnXLPmw?feature=oembed\" frameborder=\"0\" allow=\"accelerometer; autoplay; clipboard-write; encrypted-media; gyroscope; picture-in-picture; web-share\" allowfullscreen><\/iframe><\/p>\n<p>1. Harja (Frigya) 01:01<br \/>\nInterview Imed Alibi<br \/>\n2. Houita (Frigya) 18:02<br \/>\nInterview Khalil Epi<br \/>\n3. Sibouni (Rust) 30:04<br \/>\nInterview Duo rust (Petra Hawi\u00a0et Hany Manja)<\/p>\n<div class=\"xgmjVLxjqfcXK5BV_XyN\"><span style=\"font-size: 16px;\">Frigya<\/span><\/div>\n<div class=\"xgmjVLxjqfcXK5BV_XyN\"><span style=\"font-size: 16px;\">https:\/\/open.spotify.com\/intl-fr\/album\/2aDbvvL0hWuQXOrz90mgpn<\/span><\/div>\n<div class=\"xgmjVLxjqfcXK5BV_XyN\"><span style=\"font-size: 16px;\">https:\/\/imedalibi.bandcamp.com\/album\/frigya<\/span><\/div>\n<div class=\"xgmjVLxjqfcXK5BV_XyN\"><span style=\"font-size: 16px;\">https:\/\/soundcloud.com\/e-pi<\/span><\/div>\n<div class=\"xgmjVLxjqfcXK5BV_XyN\"><span style=\"font-size: 16px;\">\u2117 &amp; \u00a9 Shouka 2021 &#8211; All rights reserved<\/span><\/div>\n<div class=\"xgmjVLxjqfcXK5BV_XyN\"><span style=\"font-size: 16px;\">www.shouka.xyz<\/span><\/div>\n<div class=\"xgmjVLxjqfcXK5BV_XyN\"><span style=\"font-size: 16px;\">Rust duo &#8211; \u0631\u064e\u0633\u062a<\/span><\/div>\n<div class=\"xgmjVLxjqfcXK5BV_XyN\"><span style=\"font-size: 16px;\">https:\/\/rustduo.com\/<\/span><\/div>\n<div class=\"xgmjVLxjqfcXK5BV_XyN\"><span style=\"font-size: 16px;\">Festival Arabesques 2023<\/span><\/div>\n<div class=\"xgmjVLxjqfcXK5BV_XyN\"><span style=\"font-size: 16px;\">https:\/\/www.festivalarabesques.fr\/ <\/span><\/div>\n<div class=\"xgmjVLxjqfcXK5BV_XyN\"><span style=\"color: var(--global--color-primary); font-size: 16px;\">Animatrice Sarah de The Markaz Review (TMR)<\/span><\/div>\n<div><\/div>\n<\/div>\n<div><\/div>\n<div class=\"xgmjVLxjqfcXK5BV_XyN\">\n<div class=\"xgmjVLxjqfcXK5BV_XyN\"><\/div>\n<hr \/>\n<\/div>\n<\/div>\n<\/div>\n<\/div>\n<div id=\"block-395a5c318e0b2573e7b6\" class=\"sqs-block html-block sqs-block-html\" data-block-type=\"2\">\n<div class=\"sqs-block-content\">\n<p><em>English<\/em><\/p>\n<p>Radio Tabbouli is The Markaz Review&#8217;s podcast for discovering cultural news and meeting artists, writers, filmmakers, actors, academics, musicians and other personalities from the Middle East, North Africa and its diasporas.<\/p>\n<p>Listen to the podcast on <a href=\"https:\/\/open.spotify.com\/episode\/70EnYUSYnRwwgO1suMNknj?si=Iq5fMDwgRviDa2DOp2PcSQ\" target=\"_blank\" rel=\"noopener\">Spotify<\/a> or <a href=\"https:\/\/podcasts.apple.com\/us\/podcast\/the-markaz-podcast\/id1714809973\">Apple Podcasts<\/a>.<\/p>\n<p><iframe loading=\"lazy\" src=\"https:\/\/embed.acast.com\/652fa86914bb5f001294bf93\/652faca38333180013d22371\" width=\"100%\" height=\"190px\" frameborder=\"0\"><\/iframe><\/p>\n<p>For this first Radio Tabbouli podcast from TMR, we take you behind the scenes of the Arabesques Festival at Montpellier&#8217;s Halle Tropisme for two evenings of the current alternative scene. We meet Imed, Khalil, Petra and Hany: 4 eclectic artists. What do they have in common? They draw their inspiration from traditional Arab music, which they revisit with electronic sounds.<\/p>\n<p><strong>On the menu<\/strong>: An interview with Imed Alibi, followed by Khalil Epi, musicians and co-founders of the group <a href=\"https:\/\/open.spotify.com\/intl-fr\/album\/2aDbvvL0hWuQXOrz90mgpn\" target=\"_blank\" rel=\"noopener\">Frigya<\/a>, produced by the <a href=\"http:\/\/www.shouka.xyz\" target=\"_blank\" rel=\"noopener\">Shouka<\/a> label, which is celebrating its 10th anniversary (interview in French). Then we meet the enchanting <a href=\"https:\/\/rustduo.com\/\" target=\"_blank\" rel=\"noopener\">Rust duo<\/a>, straight from Beirut (interview in English).<\/p>\n<p><iframe loading=\"lazy\" title=\"The Markaz Podcast - Radio Tabbouli Ep 1  Festival Arabesques\" width=\"750\" height=\"422\" src=\"https:\/\/www.youtube.com\/embed\/UX_wwnXLPmw?feature=oembed\" frameborder=\"0\" allow=\"accelerometer; autoplay; clipboard-write; encrypted-media; gyroscope; picture-in-picture; web-share\" allowfullscreen><\/iframe><\/p>\n<p>1. Harja (Frigya) 01:01<br \/>\nInterview Imed Alibi<br \/>\n2. Houita (Frigya) 18:02<br \/>\nInterview Khalil Epi<br \/>\n3. Sibouni (Rust) 30:04<br \/>\nInterview Duo rust (Petra Hawi\u00a0et Hany Manja)<\/p>\n<div class=\"xgmjVLxjqfcXK5BV_XyN\">\n<div class=\"xgmjVLxjqfcXK5BV_XyN\"><span style=\"font-size: 16px;\">Frigya<\/span><\/div>\n<div class=\"xgmjVLxjqfcXK5BV_XyN\"><span style=\"font-size: 16px;\">https:\/\/open.spotify.com\/intl-fr\/album\/2aDbvvL0hWuQXOrz90mgpn<\/span><\/div>\n<div class=\"xgmjVLxjqfcXK5BV_XyN\"><span style=\"font-size: 16px;\">https:\/\/imedalibi.bandcamp.com\/album\/frigya<\/span><\/div>\n<div class=\"xgmjVLxjqfcXK5BV_XyN\"><span style=\"font-size: 16px;\">https:\/\/soundcloud.com\/e-pi<\/span><\/div>\n<div class=\"xgmjVLxjqfcXK5BV_XyN\"><span style=\"font-size: 16px;\">\u2117 &amp; \u00a9 Shouka 2021 &#8211; All rights reserved<\/span><\/div>\n<div class=\"xgmjVLxjqfcXK5BV_XyN\"><span style=\"font-size: 16px;\">www.shouka.xyz<\/span><\/div>\n<div class=\"xgmjVLxjqfcXK5BV_XyN\"><span style=\"font-size: 16px;\">Rust duo &#8211; \u0631\u064e\u0633\u062a<\/span><\/div>\n<div class=\"xgmjVLxjqfcXK5BV_XyN\"><span style=\"font-size: 16px;\">https:\/\/rustduo.com\/<\/span><\/div>\n<div class=\"xgmjVLxjqfcXK5BV_XyN\"><span style=\"font-size: 16px;\">Festival Arabesques 2023<\/span><\/div>\n<div class=\"xgmjVLxjqfcXK5BV_XyN\"><span style=\"font-size: 16px;\">https:\/\/www.festivalarabesques.fr\/ <\/span><\/div>\n<div class=\"xgmjVLxjqfcXK5BV_XyN\"><span style=\"color: var(--global--color-primary); font-size: 16px;\">Host Sarah from The Markaz Review (TMR)<\/span><\/div>\n<\/div>\n<\/div>\n<\/div>\n<\/div>\n<\/div>\n<\/div>\n<\/div>\n<\/div>\n","protected":false},"excerpt":{"rendered":"<p>English below Radio Tabbouli c\u2019est le podcast de The Markaz Review pour d\u00e9couvrir l\u2019actualit\u00e9 culturelle et rencontrer des artistes, des \u00e9crivains, des cin\u00e9astes, des acteurs, des universitaires, des musiciens et&hellip; <a class=\"more-link\" href=\"https:\/\/themarkaz.org\/oldsite\/podcasts-1\/festival-arabesques-fr\/\">Continue reading <span class=\"screen-reader-text\">Podcast Festival Arabesques &#8211; FR<\/span><\/a><\/p>\n","protected":false},"author":331,"featured_media":0,"parent":201,"menu_order":0,"comment_status":"closed","ping_status":"closed","template":"","meta":{"_acf_changed":false,"om_disable_all_campaigns":false,"footnotes":""},"coauthors":[2196],"class_list":["post-29396","page","type-page","status-publish","hentry","entry"],"acf":[],"yoast_head":"<!-- This site is optimized with the Yoast SEO Premium plugin v25.8 (Yoast SEO v27.4) - https:\/\/yoast.com\/product\/yoast-seo-premium-wordpress\/ -->\n<title>Podcast Festival Arabesques - FR - The Markaz Review<\/title>\n<meta name=\"description\" content=\"Radio Tabbouli c\u2019est le podcast de The Markaz Review pour d\u00e9couvrir l\u2019actualit\u00e9 culturelle et rencontrer des artistes, des \u00e9crivains, des cin\u00e9astes, des acteurs, des universitaires, des musiciens et d&#039;autres personnalit\u00e9s du Moyen-Orient, de l&#039;Afrique du Nord et de ses diasporas.Podcast Festival Arabesques.\" \/>\n<meta name=\"robots\" content=\"index, follow, max-snippet:-1, max-image-preview:large, max-video-preview:-1\" \/>\n<link rel=\"canonical\" href=\"https:\/\/themarkaz.org\/oldsite\/podcasts-1\/festival-arabesques-fr\/\" \/>\n<meta property=\"og:locale\" content=\"en_US\" \/>\n<meta property=\"og:type\" content=\"article\" \/>\n<meta property=\"og:title\" content=\"Podcast Festival Arabesques - FR\" \/>\n<meta property=\"og:description\" content=\"Radio Tabbouli c\u2019est le podcast de The Markaz Review pour d\u00e9couvrir l\u2019actualit\u00e9 culturelle et rencontrer des artistes, des \u00e9crivains, des cin\u00e9astes, des acteurs, des universitaires, des musiciens et d&#039;autres personnalit\u00e9s du Moyen-Orient, de l&#039;Afrique du Nord et de ses diasporas.Podcast Festival Arabesques.\" \/>\n<meta property=\"og:url\" content=\"https:\/\/themarkaz.org\/oldsite\/podcasts-1\/festival-arabesques-fr\/\" \/>\n<meta property=\"og:site_name\" content=\"The Markaz Review\" \/>\n<meta property=\"article:modified_time\" content=\"2023-11-09T13:30:14+00:00\" \/>\n<meta property=\"og:image\" content=\"https:\/\/themarkaz.org\/oldsite\/wp-content\/uploads\/2023\/11\/Radio-Tabbouli-website-banner.png\" \/>\n<meta name=\"twitter:card\" content=\"summary_large_image\" \/>\n<meta name=\"twitter:label1\" content=\"Est. reading time\" \/>\n\t<meta name=\"twitter:data1\" content=\"2 minutes\" \/>\n\t<meta name=\"twitter:label2\" content=\"Written by\" \/>\n\t<meta name=\"twitter:data2\" content=\"Jordan Elgrably\" \/>\n<script type=\"application\/ld+json\" class=\"yoast-schema-graph\">{\"@context\":\"https:\\\/\\\/schema.org\",\"@graph\":[{\"@type\":\"WebPage\",\"@id\":\"https:\\\/\\\/themarkaz.org\\\/oldsite\\\/podcasts-1\\\/festival-arabesques-fr\\\/\",\"url\":\"https:\\\/\\\/themarkaz.org\\\/oldsite\\\/podcasts-1\\\/festival-arabesques-fr\\\/\",\"name\":\"Podcast Festival Arabesques - FR - The Markaz Review\",\"isPartOf\":{\"@id\":\"https:\\\/\\\/themarkaz.org\\\/oldsite\\\/#website\"},\"primaryImageOfPage\":{\"@id\":\"https:\\\/\\\/themarkaz.org\\\/oldsite\\\/podcasts-1\\\/festival-arabesques-fr\\\/#primaryimage\"},\"image\":{\"@id\":\"https:\\\/\\\/themarkaz.org\\\/oldsite\\\/podcasts-1\\\/festival-arabesques-fr\\\/#primaryimage\"},\"thumbnailUrl\":\"https:\\\/\\\/themarkaz.org\\\/oldsite\\\/wp-content\\\/uploads\\\/2023\\\/11\\\/Radio-Tabbouli-website-banner.png\",\"datePublished\":\"2023-11-03T10:09:57+00:00\",\"dateModified\":\"2023-11-09T13:30:14+00:00\",\"description\":\"Radio Tabbouli c\u2019est le podcast de The Markaz Review pour d\u00e9couvrir l\u2019actualit\u00e9 culturelle et rencontrer des artistes, des \u00e9crivains, des cin\u00e9astes, des acteurs, des universitaires, des musiciens et d'autres personnalit\u00e9s du Moyen-Orient, de l'Afrique du Nord et de ses diasporas.Podcast Festival Arabesques.\",\"breadcrumb\":{\"@id\":\"https:\\\/\\\/themarkaz.org\\\/oldsite\\\/podcasts-1\\\/festival-arabesques-fr\\\/#breadcrumb\"},\"inLanguage\":\"en-US\",\"potentialAction\":[{\"@type\":\"ReadAction\",\"target\":[\"https:\\\/\\\/themarkaz.org\\\/oldsite\\\/podcasts-1\\\/festival-arabesques-fr\\\/\"]}]},{\"@type\":\"ImageObject\",\"inLanguage\":\"en-US\",\"@id\":\"https:\\\/\\\/themarkaz.org\\\/oldsite\\\/podcasts-1\\\/festival-arabesques-fr\\\/#primaryimage\",\"url\":\"https:\\\/\\\/themarkaz.org\\\/oldsite\\\/wp-content\\\/uploads\\\/2023\\\/11\\\/Radio-Tabbouli-website-banner.png\",\"contentUrl\":\"https:\\\/\\\/themarkaz.org\\\/oldsite\\\/wp-content\\\/uploads\\\/2023\\\/11\\\/Radio-Tabbouli-website-banner.png\",\"width\":1920,\"height\":403},{\"@type\":\"BreadcrumbList\",\"@id\":\"https:\\\/\\\/themarkaz.org\\\/oldsite\\\/podcasts-1\\\/festival-arabesques-fr\\\/#breadcrumb\",\"itemListElement\":[{\"@type\":\"ListItem\",\"position\":1,\"name\":\"Home\",\"item\":\"https:\\\/\\\/themarkaz.org\\\/oldsite\\\/\"},{\"@type\":\"ListItem\",\"position\":2,\"name\":\"Podcasts\",\"item\":\"https:\\\/\\\/themarkaz.org\\\/oldsite\\\/podcasts-1\\\/\"},{\"@type\":\"ListItem\",\"position\":3,\"name\":\"Podcast Festival Arabesques &#8211; FR\"}]},{\"@type\":\"WebSite\",\"@id\":\"https:\\\/\\\/themarkaz.org\\\/oldsite\\\/#website\",\"url\":\"https:\\\/\\\/themarkaz.org\\\/oldsite\\\/\",\"name\":\"The Markaz Review\",\"description\":\"Literature and Arts from the Center of the World\",\"publisher\":{\"@id\":\"https:\\\/\\\/themarkaz.org\\\/oldsite\\\/#organization\"},\"potentialAction\":[{\"@type\":\"SearchAction\",\"target\":{\"@type\":\"EntryPoint\",\"urlTemplate\":\"https:\\\/\\\/themarkaz.org\\\/oldsite\\\/?s={search_term_string}\"},\"query-input\":{\"@type\":\"PropertyValueSpecification\",\"valueRequired\":true,\"valueName\":\"search_term_string\"}}],\"inLanguage\":\"en-US\"},{\"@type\":\"Organization\",\"@id\":\"https:\\\/\\\/themarkaz.org\\\/oldsite\\\/#organization\",\"name\":\"The Markaz Review\",\"url\":\"https:\\\/\\\/themarkaz.org\\\/oldsite\\\/\",\"logo\":{\"@type\":\"ImageObject\",\"inLanguage\":\"en-US\",\"@id\":\"https:\\\/\\\/themarkaz.org\\\/oldsite\\\/#\\\/schema\\\/logo\\\/image\\\/\",\"url\":\"https:\\\/\\\/themarkaz.org\\\/oldsite\\\/wp-content\\\/uploads\\\/2023\\\/08\\\/cropped-New-2023-TMR-Logo-500-pix.jpg\",\"contentUrl\":\"https:\\\/\\\/themarkaz.org\\\/oldsite\\\/wp-content\\\/uploads\\\/2023\\\/08\\\/cropped-New-2023-TMR-Logo-500-pix.jpg\",\"width\":473,\"height\":191,\"caption\":\"The Markaz Review\"},\"image\":{\"@id\":\"https:\\\/\\\/themarkaz.org\\\/oldsite\\\/#\\\/schema\\\/logo\\\/image\\\/\"}}]}<\/script>\n<!-- \/ Yoast SEO Premium plugin. -->","yoast_head_json":{"title":"Podcast Festival Arabesques - FR - The Markaz Review","description":"Radio Tabbouli c\u2019est le podcast de The Markaz Review pour d\u00e9couvrir l\u2019actualit\u00e9 culturelle et rencontrer des artistes, des \u00e9crivains, des cin\u00e9astes, des acteurs, des universitaires, des musiciens et d'autres personnalit\u00e9s du Moyen-Orient, de l'Afrique du Nord et de ses diasporas.Podcast Festival Arabesques.","robots":{"index":"index","follow":"follow","max-snippet":"max-snippet:-1","max-image-preview":"max-image-preview:large","max-video-preview":"max-video-preview:-1"},"canonical":"https:\/\/themarkaz.org\/oldsite\/podcasts-1\/festival-arabesques-fr\/","og_locale":"en_US","og_type":"article","og_title":"Podcast Festival Arabesques - FR","og_description":"Radio Tabbouli c\u2019est le podcast de The Markaz Review pour d\u00e9couvrir l\u2019actualit\u00e9 culturelle et rencontrer des artistes, des \u00e9crivains, des cin\u00e9astes, des acteurs, des universitaires, des musiciens et d'autres personnalit\u00e9s du Moyen-Orient, de l'Afrique du Nord et de ses diasporas.Podcast Festival Arabesques.","og_url":"https:\/\/themarkaz.org\/oldsite\/podcasts-1\/festival-arabesques-fr\/","og_site_name":"The Markaz Review","article_modified_time":"2023-11-09T13:30:14+00:00","og_image":[{"url":"https:\/\/themarkaz.org\/oldsite\/wp-content\/uploads\/2023\/11\/Radio-Tabbouli-website-banner.png","type":"","width":"","height":""}],"twitter_card":"summary_large_image","twitter_misc":{"Est. reading time":"2 minutes","Written by":"Jordan Elgrably"},"schema":{"@context":"https:\/\/schema.org","@graph":[{"@type":"WebPage","@id":"https:\/\/themarkaz.org\/oldsite\/podcasts-1\/festival-arabesques-fr\/","url":"https:\/\/themarkaz.org\/oldsite\/podcasts-1\/festival-arabesques-fr\/","name":"Podcast Festival Arabesques - FR - The Markaz Review","isPartOf":{"@id":"https:\/\/themarkaz.org\/oldsite\/#website"},"primaryImageOfPage":{"@id":"https:\/\/themarkaz.org\/oldsite\/podcasts-1\/festival-arabesques-fr\/#primaryimage"},"image":{"@id":"https:\/\/themarkaz.org\/oldsite\/podcasts-1\/festival-arabesques-fr\/#primaryimage"},"thumbnailUrl":"https:\/\/themarkaz.org\/oldsite\/wp-content\/uploads\/2023\/11\/Radio-Tabbouli-website-banner.png","datePublished":"2023-11-03T10:09:57+00:00","dateModified":"2023-11-09T13:30:14+00:00","description":"Radio Tabbouli c\u2019est le podcast de The Markaz Review pour d\u00e9couvrir l\u2019actualit\u00e9 culturelle et rencontrer des artistes, des \u00e9crivains, des cin\u00e9astes, des acteurs, des universitaires, des musiciens et d'autres personnalit\u00e9s du Moyen-Orient, de l'Afrique du Nord et de ses diasporas.Podcast Festival Arabesques.","breadcrumb":{"@id":"https:\/\/themarkaz.org\/oldsite\/podcasts-1\/festival-arabesques-fr\/#breadcrumb"},"inLanguage":"en-US","potentialAction":[{"@type":"ReadAction","target":["https:\/\/themarkaz.org\/oldsite\/podcasts-1\/festival-arabesques-fr\/"]}]},{"@type":"ImageObject","inLanguage":"en-US","@id":"https:\/\/themarkaz.org\/oldsite\/podcasts-1\/festival-arabesques-fr\/#primaryimage","url":"https:\/\/themarkaz.org\/oldsite\/wp-content\/uploads\/2023\/11\/Radio-Tabbouli-website-banner.png","contentUrl":"https:\/\/themarkaz.org\/oldsite\/wp-content\/uploads\/2023\/11\/Radio-Tabbouli-website-banner.png","width":1920,"height":403},{"@type":"BreadcrumbList","@id":"https:\/\/themarkaz.org\/oldsite\/podcasts-1\/festival-arabesques-fr\/#breadcrumb","itemListElement":[{"@type":"ListItem","position":1,"name":"Home","item":"https:\/\/themarkaz.org\/oldsite\/"},{"@type":"ListItem","position":2,"name":"Podcasts","item":"https:\/\/themarkaz.org\/oldsite\/podcasts-1\/"},{"@type":"ListItem","position":3,"name":"Podcast Festival Arabesques &#8211; FR"}]},{"@type":"WebSite","@id":"https:\/\/themarkaz.org\/oldsite\/#website","url":"https:\/\/themarkaz.org\/oldsite\/","name":"The Markaz Review","description":"Literature and Arts from the Center of the World","publisher":{"@id":"https:\/\/themarkaz.org\/oldsite\/#organization"},"potentialAction":[{"@type":"SearchAction","target":{"@type":"EntryPoint","urlTemplate":"https:\/\/themarkaz.org\/oldsite\/?s={search_term_string}"},"query-input":{"@type":"PropertyValueSpecification","valueRequired":true,"valueName":"search_term_string"}}],"inLanguage":"en-US"},{"@type":"Organization","@id":"https:\/\/themarkaz.org\/oldsite\/#organization","name":"The Markaz Review","url":"https:\/\/themarkaz.org\/oldsite\/","logo":{"@type":"ImageObject","inLanguage":"en-US","@id":"https:\/\/themarkaz.org\/oldsite\/#\/schema\/logo\/image\/","url":"https:\/\/themarkaz.org\/oldsite\/wp-content\/uploads\/2023\/08\/cropped-New-2023-TMR-Logo-500-pix.jpg","contentUrl":"https:\/\/themarkaz.org\/oldsite\/wp-content\/uploads\/2023\/08\/cropped-New-2023-TMR-Logo-500-pix.jpg","width":473,"height":191,"caption":"The Markaz Review"},"image":{"@id":"https:\/\/themarkaz.org\/oldsite\/#\/schema\/logo\/image\/"}}]}},"_links":{"self":[{"href":"https:\/\/themarkaz.org\/oldsite\/wp-json\/wp\/v2\/pages\/29396","targetHints":{"allow":["GET"]}}],"collection":[{"href":"https:\/\/themarkaz.org\/oldsite\/wp-json\/wp\/v2\/pages"}],"about":[{"href":"https:\/\/themarkaz.org\/oldsite\/wp-json\/wp\/v2\/types\/page"}],"author":[{"embeddable":true,"href":"https:\/\/themarkaz.org\/oldsite\/wp-json\/wp\/v2\/users\/331"}],"replies":[{"embeddable":true,"href":"https:\/\/themarkaz.org\/oldsite\/wp-json\/wp\/v2\/comments?post=29396"}],"version-history":[{"count":0,"href":"https:\/\/themarkaz.org\/oldsite\/wp-json\/wp\/v2\/pages\/29396\/revisions"}],"up":[{"embeddable":true,"href":"https:\/\/themarkaz.org\/oldsite\/wp-json\/wp\/v2\/pages\/201"}],"wp:attachment":[{"href":"https:\/\/themarkaz.org\/oldsite\/wp-json\/wp\/v2\/media?parent=29396"}],"wp:term":[{"taxonomy":"author","embeddable":true,"href":"https:\/\/themarkaz.org\/oldsite\/wp-json\/wp\/v2\/coauthors?post=29396"}],"curies":[{"name":"wp","href":"https:\/\/api.w.org\/{rel}","templated":true}]}}